{"id":21,"date":"2025-08-05T17:44:02","date_gmt":"2025-08-05T20:44:02","guid":{"rendered":"http:\/\/unidosdoviradouro.com\/?page_id=21"},"modified":"2026-04-30T13:19:40","modified_gmt":"2026-04-30T16:19:40","slug":"inicio","status":"publish","type":"page","link":"https:\/\/unidosdoviradouro.com\/","title":{"rendered":"In\u00edcio"},"content":{"rendered":"\t\t<div data-elementor-type=\"wp-page\" data-elementor-id=\"21\" class=\"elementor elementor-21\" data-elementor-post-type=\"page\">\n\t\t\t\t<div class=\"elementor-element elementor-element-d989754 e-flex e-con-boxed e-con e-parent\" data-id=\"d989754\" data-element_type=\"container\">\n\t\t\t\t\t<div class=\"e-con-inner\">\n\t\t\t\t<div class=\"elementor-element elementor-element-5eeae6f elementor-widget elementor-widget-slider_revolution\" data-id=\"5eeae6f\" data-element_type=\"widget\" data-widget_type=\"slider_revolution.default\">\n\t\t\t\t\t\n\t\t<div class=\"wp-block-themepunch-revslider\">\n\t\t\t\t<p class=\"rs-p-wp-fix\"><\/p>\n\t\t\t\t<sr7-module data-alias=\"slider-1\" data-id=\"1\" id=\"SR7_1_1\" class=\"rs-ov-hidden\" data-version=\"6.7.37\">\n\t\t\t\t\t<sr7-adjuster><\/sr7-adjuster>\n\t\t\t\t\t<sr7-content>\n\t\t\t\t\t\t<sr7-slide id=\"SR7_1_1-1STR1\" data-key=\"1STR1\">\n\t\t\t\t\t\t\t<h1 id=\"SR7_1_1-1STR1-3\" class=\"sr7-layer\"><a style=\"color:#fff; \"  href=\"https:\/\/unidosdoviradouro.com\/index.php\/2026\/01\/13\/costureiras-ganham-sala-climatizada\/\">Costureiras ganham sala climatizada<\/a><\/h1>\n\t\t\t\t\t\t<\/sr7-slide>\n\t\t\t\t\t\t<sr7-slide id=\"SR7_1_1-1STR2\" data-key=\"1STR2\">\n\t\t\t\t\t\t\t<h1 id=\"SR7_1_1-1STR2-3\" class=\"sr7-layer\"><a style=\"color:#fff; \"  href=\"https:\/\/unidosdoviradouro.com\/index.php\/2025\/10\/27\/jornada-dupla-funcionario-do-barracao-e-compositor-campeao-da-viradouro\/\">Jornada dupla: funcion\u00e1rio do barrac\u00e3o \u00e9 compositor campe\u00e3o da Viradouro<\/a><\/h1>\n\t\t\t\t\t\t<\/sr7-slide>\n\t\t\t\t\t\t<sr7-slide id=\"SR7_1_1-1STR3\" data-key=\"1STR3\">\n\t\t\t\t\t\t\t<h1 id=\"SR7_1_1-1STR3-3\" class=\"sr7-layer\"><a style=\"color:#fff; \"  href=\"https:\/\/unidosdoviradouro.com\/index.php\/2025\/09\/18\/viradouro-faz-semifinal-de-samba-nesta-sexta\/\">Viradouro faz semifinal de samba nesta sexta<\/a><\/h1>\n\t\t\t\t\t\t<\/sr7-slide>\n\t\t\t\t\t\t<sr7-slide id=\"SR7_1_1-1STR4\" data-key=\"1STR4\">\n\t\t\t\t\t\t\t<h1 id=\"SR7_1_1-1STR4-3\" class=\"sr7-layer\"><a style=\"color:#fff; \"  href=\"https:\/\/unidosdoviradouro.com\/index.php\/2025\/08\/05\/ouca-agora-os-sambas-concorrentes-da-viradouro-para-o-carnaval-2026\/\">Ou\u00e7a agora os sambas concorrentes da Viradouro para o Carnaval 2026<\/a><\/h1>\n\t\t\t\t\t\t<\/sr7-slide>\n\t\t\t\t\t\t<sr7-slide id=\"SR7_1_1-1STR5\" data-key=\"1STR5\">\n\t\t\t\t\t\t\t<h1 id=\"SR7_1_1-1STR5-3\" class=\"sr7-layer\"><a style=\"color:#fff; \"  href=\"https:\/\/unidosdoviradouro.com\/index.php\/2025\/08\/05\/viradouro-incentiva-doacoes-de-sangue-no-dia-do-doador\/\">Viradouro incentiva doa\u00e7\u00f5es de sangue no Dia do Doador<\/a><\/h1>\n\t\t\t\t\t\t<\/sr7-slide>\n\t\t\t\t\t\t<sr7-slide id=\"SR7_1_1-2\" data-key=\"2\">\n\t\t\t\t\t\t<\/sr7-slide>\n\t\t\t\t\t<\/sr7-content>\n\t\t\t\t\t<image_lists style=\"display:none\">\n\t\t\t\t\t\t<img data-src=\"\/\/unidosdoviradouro.com\/wp-content\/uploads\/2026\/01\/2-2.jpg\" width=\"0\" height=\"0\" data-dbsrc=\"Ly91bmlkb3Nkb3ZpcmFkb3Vyby5jb20vd3AtY29udGVudC91cGxvYWRzLzIwMjYvMDEvMi0yLmpwZw==\"\/>\n\t\t\t\t\t\t<img data-src=\"\/\/unidosdoviradouro.com\/wp-content\/uploads\/2025\/10\/02-cred-vinicius-ximenes.png\" width=\"0\" height=\"0\" data-dbsrc=\"Ly91bmlkb3Nkb3ZpcmFkb3Vyby5jb20vd3AtY29udGVudC91cGxvYWRzLzIwMjUvMTAvMDItY3JlZC12aW5pY2l1cy14aW1lbmVzLnBuZw==\"\/>\n\t\t\t\t\t\t<img data-src=\"\/\/unidosdoviradouro.com\/wp-content\/uploads\/2025\/09\/torcida-02-scaled.jpg\" width=\"0\" height=\"0\" data-dbsrc=\"Ly91bmlkb3Nkb3ZpcmFkb3Vyby5jb20vd3AtY29udGVudC91cGxvYWRzLzIwMjUvMDkvdG9yY2lkYS0wMi1zY2FsZWQuanBn\"\/>\n\t\t\t\t\t\t<img loading=\"lazy\" data-src=\"\/\/unidosdoviradouro.com\/wp-content\/uploads\/2025\/08\/WhatsApp-Image-2025-08-05-at-18.36.03.jpeg\" width=\"0\" height=\"0\" data-dbsrc=\"Ly91bmlkb3Nkb3ZpcmFkb3Vyby5jb20vd3AtY29udGVudC91cGxvYWRzLzIwMjUvMDgvV2hhdHNBcHAtSW1hZ2UtMjAyNS0wOC0wNS1hdC0xOC4zNi4wMy5qcGVn\"\/>\n\t\t\t\t\t\t<img loading=\"lazy\" data-src=\"\/\/unidosdoviradouro.com\/wp-content\/uploads\/2025\/08\/01-1.jpg\" width=\"0\" height=\"0\" data-dbsrc=\"Ly91bmlkb3Nkb3ZpcmFkb3Vyby5jb20vd3AtY29udGVudC91cGxvYWRzLzIwMjUvMDgvMDEtMS5qcGc=\"\/>\n\t\t\t\t\t<\/image_lists>\n\t\t\t\t<\/sr7-module>\n\t\t\t\t<script>\n\t\t\t\t\tSR7.PMH ??={}; SR7.PMH[\"SR7_1_1\"] = {cn:100,state:false,fn: function() { if (_tpt!==undefined && _tpt.prepareModuleHeight !== undefined) {  _tpt.prepareModuleHeight({id:\"SR7_1_1\",el:[600,600,600,600,600],type:'standard',shdw:'0',gh:[600,600,600,600,600],gw:[1000,1000,1000,778,480],vpt:['-100px&#039;,&#039;-100px&#039;,&#039;-100px&#039;,&#039;-100px&#039;,&#039;-100px'],size:{fullWidth:true, fullHeight:false},mh:'0',onh:0,onw:0,bg:{color:'{\"type\":\"solid\",\"orig\":\"#ffffff\",\"string\":\"rgba(255, 255, 255, 1)\"}'},plType:'2',plColor:'#840000'});   SR7.PMH[\"SR7_1_1\"].state=true;} else if(SR7.PMH[\"SR7_1_1\"].cn-->0)\tsetTimeout( SR7.PMH[\"SR7_1_1\"].fn,19);}};SR7.PMH[\"SR7_1_1\" ].fn();\n\t\t\t\t<\/script>\n<\/div>\n\n\t\t\t\t\t\t<\/div>\n\t\t\t\t\t<\/div>\n\t\t\t\t<\/div>\n\t\t<div class=\"elementor-element elementor-element-0eeccf0 e-flex e-con-boxed e-con e-parent\" data-id=\"0eeccf0\" data-element_type=\"container\" data-settings=\"{&quot;background_background&quot;:&quot;classic&quot;}\">\n\t\t\t\t\t<div class=\"e-con-inner\">\n\t\t\t\t\t<\/div>\n\t\t\t\t<\/div>\n\t\t<div class=\"elementor-element elementor-element-9e0ad62 e-flex e-con-boxed e-con e-parent\" data-id=\"9e0ad62\" data-element_type=\"container\">\n\t\t\t\t\t<div class=\"e-con-inner\">\n\t\t<div class=\"elementor-element elementor-element-985aee1 e-con-full e-flex e-con e-child\" data-id=\"985aee1\" data-element_type=\"container\">\n\t\t<div class=\"elementor-element elementor-element-0864709 e-con-full e-flex e-con e-child\" data-id=\"0864709\" data-element_type=\"container\" data-settings=\"{&quot;background_background&quot;:&quot;classic&quot;}\">\n\t\t\t\t<\/div>\n\t\t<div class=\"elementor-element elementor-element-04839ff e-con-full e-flex e-con e-child\" data-id=\"04839ff\" data-element_type=\"container\">\n\t\t\t\t<div class=\"elementor-element elementor-element-95ae54e elementor-widget elementor-widget-heading\" data-id=\"95ae54e\" data-element_type=\"widget\" data-widget_type=\"heading.default\">\n\t\t\t\t\t<h2 class=\"elementor-heading-title elementor-size-default\">BOUTIQUE VIRADOURO<\/h2>\t\t\t\t<\/div>\n\t\t\t\t<div class=\"elementor-element elementor-element-03e7bf6 elementor-widget elementor-widget-heading\" data-id=\"03e7bf6\" data-element_type=\"widget\" data-widget_type=\"heading.default\">\n\t\t\t\t\t<h2 class=\"elementor-heading-title elementor-size-default\">LOJA OFICIAL<\/h2>\t\t\t\t<\/div>\n\t\t\t\t<div class=\"elementor-element elementor-element-aad1a89 elementor-widget elementor-widget-text-editor\" data-id=\"aad1a89\" data-element_type=\"widget\" data-widget_type=\"text-editor.default\">\n\t\t\t\t\t\t\t\t\t<p data-start=\"0\" data-end=\"316\">A <strong data-start=\"2\" data-end=\"24\">Boutique Viradouro<\/strong> \u00e9 onde a paix\u00e3o pela <span class=\"hover:entity-accent entity-underline inline cursor-pointer align-baseline\"><span class=\"whitespace-normal\">Unidos do Viradouro<\/span><\/span> ganha forma. Mais do que uma loja, \u00e9 a extens\u00e3o do orgulho vermelho e branco: produtos oficiais que carregam a hist\u00f3ria de uma escola <strong data-start=\"218\" data-end=\"253\">tetracampe\u00e3 do Carnaval Carioca<\/strong>, feitos para quem vive a emo\u00e7\u00e3o da Avenida dentro e fora dela.<\/p><p data-start=\"318\" data-end=\"465\" data-is-last-node=\"\" data-is-only-node=\"\">Agora \u00e9 sua vez: escolha seu manto, represente sua escola e leve a Viradouro com voc\u00ea em todos os momentos!<\/p>\t\t\t\t\t\t\t\t<\/div>\n\t\t\t\t<div class=\"elementor-element elementor-element-d3877c0 elementor-widget elementor-widget-button\" data-id=\"d3877c0\" data-element_type=\"widget\" data-widget_type=\"button.default\">\n\t\t\t\t\t\t\t\t\t\t<a class=\"elementor-button elementor-button-link elementor-size-sm\" href=\"https:\/\/www.boutiqueviradouro.com.br\/\">\n\t\t\t\t\t\t<span class=\"elementor-button-content-wrapper\">\n\t\t\t\t\t\t\t\t\t<span class=\"elementor-button-text\">Saiba mais<\/span>\n\t\t\t\t\t<\/span>\n\t\t\t\t\t<\/a>\n\t\t\t\t\t\t\t\t<\/div>\n\t\t\t\t<\/div>\n\t\t\t\t<\/div>\n\t\t\t\t\t<\/div>\n\t\t\t\t<\/div>\n\t\t<div class=\"elementor-element elementor-element-5482709 e-flex e-con-boxed e-con e-parent\" data-id=\"5482709\" data-element_type=\"container\" data-settings=\"{&quot;background_background&quot;:&quot;classic&quot;}\">\n\t\t\t\t\t<div class=\"e-con-inner\">\n\t\t<div class=\"elementor-element elementor-element-aad3b48 e-con-full e-flex e-con e-child\" data-id=\"aad3b48\" data-element_type=\"container\">\n\t\t\t\t<div class=\"elementor-element elementor-element-7ae66f1 elementor-widget elementor-widget-heading\" data-id=\"7ae66f1\" data-element_type=\"widget\" data-widget_type=\"heading.default\">\n\t\t\t\t\t<h2 class=\"elementor-heading-title elementor-size-default\">\u00daLTIMAS<\/h2>\t\t\t\t<\/div>\n\t\t\t\t<div class=\"elementor-element elementor-element-f58df55 elementor-widget elementor-widget-heading\" data-id=\"f58df55\" data-element_type=\"widget\" data-widget_type=\"heading.default\">\n\t\t\t\t\t<h2 class=\"elementor-heading-title elementor-size-default\">NOT\u00cdCIAS<\/h2>\t\t\t\t<\/div>\n\t\t\t\t<\/div>\n\t\t<div class=\"elementor-element elementor-element-4e8dcdd e-con-full e-flex e-con e-child\" data-id=\"4e8dcdd\" data-element_type=\"container\">\n\t\t\t\t<div class=\"elementor-element elementor-element-d14bd03 elementor-hidden-tablet elementor-grid-3 elementor-grid-tablet-2 elementor-grid-mobile-1 elementor-posts--thumbnail-top elementor-card-shadow-yes elementor-posts__hover-gradient elementor-widget elementor-widget-posts\" data-id=\"d14bd03\" data-element_type=\"widget\" data-settings=\"{&quot;cards_columns&quot;:&quot;3&quot;,&quot;cards_columns_tablet&quot;:&quot;2&quot;,&quot;cards_columns_mobile&quot;:&quot;1&quot;,&quot;cards_row_gap&quot;:{&quot;unit&quot;:&quot;px&quot;,&quot;size&quot;:35,&quot;sizes&quot;:[]},&quot;cards_row_gap_tablet&quot;:{&quot;unit&quot;:&quot;px&quot;,&quot;size&quot;:&quot;&quot;,&quot;sizes&quot;:[]},&quot;cards_row_gap_mobile&quot;:{&quot;unit&quot;:&quot;px&quot;,&quot;size&quot;:&quot;&quot;,&quot;sizes&quot;:[]}}\" data-widget_type=\"posts.cards\">\n\t\t\t\t<div class=\"elementor-widget-container\">\n\t\t\t\t\t\t\t<div class=\"elementor-posts-container elementor-posts elementor-posts--skin-cards elementor-grid\" role=\"list\">\n\t\t\t\t<article class=\"elementor-post elementor-grid-item post-799 post type-post status-publish format-standard has-post-thumbnail hentry category-sem-categoria\" role=\"listitem\">\n\t\t\t<div class=\"elementor-post__card\">\n\t\t\t\t<a class=\"elementor-post__thumbnail__link\" href=\"https:\/\/unidosdoviradouro.com\/index.php\/2026\/01\/13\/costureiras-ganham-sala-climatizada\/\" tabindex=\"-1\" ><div class=\"elementor-post__thumbnail\"><img loading=\"lazy\" decoding=\"async\" width=\"300\" height=\"200\" src=\"https:\/\/unidosdoviradouro.com\/wp-content\/uploads\/2026\/01\/2-2-300x200.jpg\" class=\"attachment-medium size-medium wp-image-800\" alt=\"\" srcset=\"https:\/\/unidosdoviradouro.com\/wp-content\/uploads\/2026\/01\/2-2-300x200.jpg 300w, https:\/\/unidosdoviradouro.com\/wp-content\/uploads\/2026\/01\/2-2-1024x683.jpg 1024w, https:\/\/unidosdoviradouro.com\/wp-content\/uploads\/2026\/01\/2-2-768x512.jpg 768w, https:\/\/unidosdoviradouro.com\/wp-content\/uploads\/2026\/01\/2-2.jpg 1280w\" sizes=\"(max-width: 300px) 100vw, 300px\" \/><\/div><\/a>\n\t\t\t\t<div class=\"elementor-post__text\">\n\t\t\t\t<h3 class=\"elementor-post__title\">\n\t\t\t<a href=\"https:\/\/unidosdoviradouro.com\/index.php\/2026\/01\/13\/costureiras-ganham-sala-climatizada\/\" >\n\t\t\t\tCostureiras ganham sala climatizada\t\t\t<\/a>\n\t\t<\/h3>\n\t\t\t\t<\/div>\n\t\t\t\t\t<\/div>\n\t\t<\/article>\n\t\t\t\t<article class=\"elementor-post elementor-grid-item post-767 post type-post status-publish format-standard has-post-thumbnail hentry category-sem-categoria\" role=\"listitem\">\n\t\t\t<div class=\"elementor-post__card\">\n\t\t\t\t<a class=\"elementor-post__thumbnail__link\" href=\"https:\/\/unidosdoviradouro.com\/index.php\/2025\/10\/27\/jornada-dupla-funcionario-do-barracao-e-compositor-campeao-da-viradouro\/\" tabindex=\"-1\" ><div class=\"elementor-post__thumbnail\"><img loading=\"lazy\" decoding=\"async\" width=\"300\" height=\"199\" src=\"https:\/\/unidosdoviradouro.com\/wp-content\/uploads\/2025\/10\/02-cred-vinicius-ximenes-300x199.png\" class=\"attachment-medium size-medium wp-image-776\" alt=\"\" srcset=\"https:\/\/unidosdoviradouro.com\/wp-content\/uploads\/2025\/10\/02-cred-vinicius-ximenes-300x199.png 300w, https:\/\/unidosdoviradouro.com\/wp-content\/uploads\/2025\/10\/02-cred-vinicius-ximenes-1024x678.png 1024w, https:\/\/unidosdoviradouro.com\/wp-content\/uploads\/2025\/10\/02-cred-vinicius-ximenes-768x509.png 768w, https:\/\/unidosdoviradouro.com\/wp-content\/uploads\/2025\/10\/02-cred-vinicius-ximenes-1536x1017.png 1536w, https:\/\/unidosdoviradouro.com\/wp-content\/uploads\/2025\/10\/02-cred-vinicius-ximenes-2048x1356.png 2048w\" sizes=\"(max-width: 300px) 100vw, 300px\" \/><\/div><\/a>\n\t\t\t\t<div class=\"elementor-post__text\">\n\t\t\t\t<h3 class=\"elementor-post__title\">\n\t\t\t<a href=\"https:\/\/unidosdoviradouro.com\/index.php\/2025\/10\/27\/jornada-dupla-funcionario-do-barracao-e-compositor-campeao-da-viradouro\/\" >\n\t\t\t\tJornada dupla: funcion\u00e1rio do barrac\u00e3o \u00e9 compositor campe\u00e3o da Viradouro\t\t\t<\/a>\n\t\t<\/h3>\n\t\t\t\t<\/div>\n\t\t\t\t\t<\/div>\n\t\t<\/article>\n\t\t\t\t<article class=\"elementor-post elementor-grid-item post-622 post type-post status-publish format-standard has-post-thumbnail hentry category-sem-categoria\" role=\"listitem\">\n\t\t\t<div class=\"elementor-post__card\">\n\t\t\t\t<a class=\"elementor-post__thumbnail__link\" href=\"https:\/\/unidosdoviradouro.com\/index.php\/2025\/09\/18\/viradouro-faz-semifinal-de-samba-nesta-sexta\/\" tabindex=\"-1\" ><div class=\"elementor-post__thumbnail\"><img loading=\"lazy\" decoding=\"async\" width=\"300\" height=\"200\" src=\"https:\/\/unidosdoviradouro.com\/wp-content\/uploads\/2025\/09\/torcida-02-300x200.jpg\" class=\"attachment-medium size-medium wp-image-617\" alt=\"\" srcset=\"https:\/\/unidosdoviradouro.com\/wp-content\/uploads\/2025\/09\/torcida-02-300x200.jpg 300w, https:\/\/unidosdoviradouro.com\/wp-content\/uploads\/2025\/09\/torcida-02-1024x683.jpg 1024w, https:\/\/unidosdoviradouro.com\/wp-content\/uploads\/2025\/09\/torcida-02-768x512.jpg 768w, https:\/\/unidosdoviradouro.com\/wp-content\/uploads\/2025\/09\/torcida-02-1536x1024.jpg 1536w, https:\/\/unidosdoviradouro.com\/wp-content\/uploads\/2025\/09\/torcida-02-2048x1365.jpg 2048w\" sizes=\"(max-width: 300px) 100vw, 300px\" \/><\/div><\/a>\n\t\t\t\t<div class=\"elementor-post__text\">\n\t\t\t\t<h3 class=\"elementor-post__title\">\n\t\t\t<a href=\"https:\/\/unidosdoviradouro.com\/index.php\/2025\/09\/18\/viradouro-faz-semifinal-de-samba-nesta-sexta\/\" >\n\t\t\t\tViradouro faz semifinal de samba nesta sexta\t\t\t<\/a>\n\t\t<\/h3>\n\t\t\t\t<\/div>\n\t\t\t\t\t<\/div>\n\t\t<\/article>\n\t\t\t\t<\/div>\n\t\t\n\t\t\t\t\t\t<\/div>\n\t\t\t\t<\/div>\n\t\t\t\t<div class=\"elementor-element elementor-element-c8dae5b elementor-hidden-desktop elementor-hidden-mobile elementor-grid-3 elementor-grid-tablet-2 elementor-grid-mobile-1 elementor-posts--thumbnail-top elementor-card-shadow-yes elementor-posts__hover-gradient elementor-widget elementor-widget-posts\" data-id=\"c8dae5b\" data-element_type=\"widget\" data-settings=\"{&quot;cards_columns&quot;:&quot;3&quot;,&quot;cards_columns_tablet&quot;:&quot;2&quot;,&quot;cards_columns_mobile&quot;:&quot;1&quot;,&quot;cards_row_gap&quot;:{&quot;unit&quot;:&quot;px&quot;,&quot;size&quot;:35,&quot;sizes&quot;:[]},&quot;cards_row_gap_tablet&quot;:{&quot;unit&quot;:&quot;px&quot;,&quot;size&quot;:&quot;&quot;,&quot;sizes&quot;:[]},&quot;cards_row_gap_mobile&quot;:{&quot;unit&quot;:&quot;px&quot;,&quot;size&quot;:&quot;&quot;,&quot;sizes&quot;:[]}}\" data-widget_type=\"posts.cards\">\n\t\t\t\t<div class=\"elementor-widget-container\">\n\t\t\t\t\t\t\t<div class=\"elementor-posts-container elementor-posts elementor-posts--skin-cards elementor-grid\" role=\"list\">\n\t\t\t\t<article class=\"elementor-post elementor-grid-item post-799 post type-post status-publish format-standard has-post-thumbnail hentry category-sem-categoria\" role=\"listitem\">\n\t\t\t<div class=\"elementor-post__card\">\n\t\t\t\t<a class=\"elementor-post__thumbnail__link\" href=\"https:\/\/unidosdoviradouro.com\/index.php\/2026\/01\/13\/costureiras-ganham-sala-climatizada\/\" tabindex=\"-1\" ><div class=\"elementor-post__thumbnail\"><img loading=\"lazy\" decoding=\"async\" width=\"300\" height=\"200\" src=\"https:\/\/unidosdoviradouro.com\/wp-content\/uploads\/2026\/01\/2-2-300x200.jpg\" class=\"attachment-medium size-medium wp-image-800\" alt=\"\" srcset=\"https:\/\/unidosdoviradouro.com\/wp-content\/uploads\/2026\/01\/2-2-300x200.jpg 300w, https:\/\/unidosdoviradouro.com\/wp-content\/uploads\/2026\/01\/2-2-1024x683.jpg 1024w, https:\/\/unidosdoviradouro.com\/wp-content\/uploads\/2026\/01\/2-2-768x512.jpg 768w, https:\/\/unidosdoviradouro.com\/wp-content\/uploads\/2026\/01\/2-2.jpg 1280w\" sizes=\"(max-width: 300px) 100vw, 300px\" \/><\/div><\/a>\n\t\t\t\t<div class=\"elementor-post__text\">\n\t\t\t\t<h3 class=\"elementor-post__title\">\n\t\t\t<a href=\"https:\/\/unidosdoviradouro.com\/index.php\/2026\/01\/13\/costureiras-ganham-sala-climatizada\/\" >\n\t\t\t\tCostureiras ganham sala climatizada\t\t\t<\/a>\n\t\t<\/h3>\n\t\t\t\t<\/div>\n\t\t\t\t\t<\/div>\n\t\t<\/article>\n\t\t\t\t<article class=\"elementor-post elementor-grid-item post-767 post type-post status-publish format-standard has-post-thumbnail hentry category-sem-categoria\" role=\"listitem\">\n\t\t\t<div class=\"elementor-post__card\">\n\t\t\t\t<a class=\"elementor-post__thumbnail__link\" href=\"https:\/\/unidosdoviradouro.com\/index.php\/2025\/10\/27\/jornada-dupla-funcionario-do-barracao-e-compositor-campeao-da-viradouro\/\" tabindex=\"-1\" ><div class=\"elementor-post__thumbnail\"><img loading=\"lazy\" decoding=\"async\" width=\"300\" height=\"199\" src=\"https:\/\/unidosdoviradouro.com\/wp-content\/uploads\/2025\/10\/02-cred-vinicius-ximenes-300x199.png\" class=\"attachment-medium size-medium wp-image-776\" alt=\"\" srcset=\"https:\/\/unidosdoviradouro.com\/wp-content\/uploads\/2025\/10\/02-cred-vinicius-ximenes-300x199.png 300w, https:\/\/unidosdoviradouro.com\/wp-content\/uploads\/2025\/10\/02-cred-vinicius-ximenes-1024x678.png 1024w, https:\/\/unidosdoviradouro.com\/wp-content\/uploads\/2025\/10\/02-cred-vinicius-ximenes-768x509.png 768w, https:\/\/unidosdoviradouro.com\/wp-content\/uploads\/2025\/10\/02-cred-vinicius-ximenes-1536x1017.png 1536w, https:\/\/unidosdoviradouro.com\/wp-content\/uploads\/2025\/10\/02-cred-vinicius-ximenes-2048x1356.png 2048w\" sizes=\"(max-width: 300px) 100vw, 300px\" \/><\/div><\/a>\n\t\t\t\t<div class=\"elementor-post__text\">\n\t\t\t\t<h3 class=\"elementor-post__title\">\n\t\t\t<a href=\"https:\/\/unidosdoviradouro.com\/index.php\/2025\/10\/27\/jornada-dupla-funcionario-do-barracao-e-compositor-campeao-da-viradouro\/\" >\n\t\t\t\tJornada dupla: funcion\u00e1rio do barrac\u00e3o \u00e9 compositor campe\u00e3o da Viradouro\t\t\t<\/a>\n\t\t<\/h3>\n\t\t\t\t<\/div>\n\t\t\t\t\t<\/div>\n\t\t<\/article>\n\t\t\t\t<\/div>\n\t\t\n\t\t\t\t\t\t<\/div>\n\t\t\t\t<\/div>\n\t\t\t\t<\/div>\n\t\t\t\t\t<\/div>\n\t\t\t\t<\/div>\n\t\t<div class=\"elementor-element elementor-element-b7ceeba e-flex e-con-boxed e-con e-parent\" data-id=\"b7ceeba\" data-element_type=\"container\">\n\t\t\t\t\t<div class=\"e-con-inner\">\n\t\t<div class=\"elementor-element elementor-element-59dc4f1 e-con-full e-flex e-con e-child\" data-id=\"59dc4f1\" data-element_type=\"container\">\n\t\t\t\t<div class=\"elementor-element elementor-element-d12ccb4 elementor-widget elementor-widget-heading\" data-id=\"d12ccb4\" data-element_type=\"widget\" data-widget_type=\"heading.default\">\n\t\t\t\t\t<h2 class=\"elementor-heading-title elementor-size-default\">CONTATO<\/h2>\t\t\t\t<\/div>\n\t\t\t\t<div class=\"elementor-element elementor-element-55a675b elementor-button-align-stretch elementor-widget elementor-widget-form\" data-id=\"55a675b\" data-element_type=\"widget\" data-settings=\"{&quot;step_next_label&quot;:&quot;Next&quot;,&quot;step_previous_label&quot;:&quot;Previous&quot;,&quot;button_width&quot;:&quot;100&quot;,&quot;step_type&quot;:&quot;number_text&quot;,&quot;step_icon_shape&quot;:&quot;circle&quot;}\" data-widget_type=\"form.default\">\n\t\t\t\t\t\t\t<form class=\"elementor-form\" method=\"post\" name=\"New Form\" aria-label=\"New Form\">\n\t\t\t<input type=\"hidden\" name=\"post_id\" value=\"21\"\/>\n\t\t\t<input type=\"hidden\" name=\"form_id\" value=\"55a675b\"\/>\n\t\t\t<input type=\"hidden\" name=\"referer_title\" value=\"\" \/>\n\n\t\t\t\t\t\t\t<input type=\"hidden\" name=\"queried_id\" value=\"21\"\/>\n\t\t\t\n\t\t\t<div class=\"elementor-form-fields-wrapper elementor-labels-above\">\n\t\t\t\t\t\t\t\t<div class=\"elementor-field-type-text elementor-field-group elementor-column elementor-field-group-name elementor-col-100 elementor-field-required\">\n\t\t\t\t\t\t\t\t\t\t\t\t<label for=\"form-field-name\" class=\"elementor-field-label\">\n\t\t\t\t\t\t\t\tNome\t\t\t\t\t\t\t<\/label>\n\t\t\t\t\t\t\t\t\t\t\t\t\t\t<input size=\"1\" type=\"text\" name=\"form_fields[name]\" id=\"form-field-name\" class=\"elementor-field elementor-size-sm  elementor-field-textual\" placeholder=\"Seu nome\" required=\"required\">\n\t\t\t\t\t\t\t\t\t\t\t<\/div>\n\t\t\t\t\t\t\t\t<div class=\"elementor-field-type-email elementor-field-group elementor-column elementor-field-group-email elementor-col-100 elementor-field-required\">\n\t\t\t\t\t\t\t\t\t\t\t\t<label for=\"form-field-email\" class=\"elementor-field-label\">\n\t\t\t\t\t\t\t\tSeu email\t\t\t\t\t\t\t<\/label>\n\t\t\t\t\t\t\t\t\t\t\t\t\t\t<input size=\"1\" type=\"email\" name=\"form_fields[email]\" id=\"form-field-email\" class=\"elementor-field elementor-size-sm  elementor-field-textual\" placeholder=\"Email\" required=\"required\">\n\t\t\t\t\t\t\t\t\t\t\t<\/div>\n\t\t\t\t\t\t\t\t<div class=\"elementor-field-type-textarea elementor-field-group elementor-column elementor-field-group-message elementor-col-100\">\n\t\t\t\t\t\t\t\t\t\t\t\t<label for=\"form-field-message\" class=\"elementor-field-label\">\n\t\t\t\t\t\t\t\tAssunto\t\t\t\t\t\t\t<\/label>\n\t\t\t\t\t\t<textarea class=\"elementor-field-textual elementor-field  elementor-size-sm\" name=\"form_fields[message]\" id=\"form-field-message\" rows=\"1\" placeholder=\"Sobre o que deseja falar?\"><\/textarea>\t\t\t\t<\/div>\n\t\t\t\t\t\t\t\t<div class=\"elementor-field-type-textarea elementor-field-group elementor-column elementor-field-group-field_31e7727 elementor-col-100 elementor-field-required\">\n\t\t\t\t\t\t\t\t\t\t\t\t<label for=\"form-field-field_31e7727\" class=\"elementor-field-label\">\n\t\t\t\t\t\t\t\tMensagem\t\t\t\t\t\t\t<\/label>\n\t\t\t\t\t\t<textarea class=\"elementor-field-textual elementor-field  elementor-size-sm\" name=\"form_fields[field_31e7727]\" id=\"form-field-field_31e7727\" rows=\"4\" placeholder=\"Escreva sua mensagem\" required=\"required\"><\/textarea>\t\t\t\t<\/div>\n\t\t\t\t\t\t\t\t<div class=\"elementor-field-group elementor-column elementor-field-type-submit elementor-col-100 e-form__buttons\">\n\t\t\t\t\t<button class=\"elementor-button elementor-size-sm\" type=\"submit\">\n\t\t\t\t\t\t<span class=\"elementor-button-content-wrapper\">\n\t\t\t\t\t\t\t\t\t\t\t\t\t\t\t\t\t\t\t\t\t\t<span class=\"elementor-button-text\">Enviar<\/span>\n\t\t\t\t\t\t\t\t\t\t\t\t\t<\/span>\n\t\t\t\t\t<\/button>\n\t\t\t\t<\/div>\n\t\t\t<\/div>\n\t\t<\/form>\n\t\t\t\t\t\t<\/div>\n\t\t\t\t<\/div>\n\t\t\t\t\t<\/div>\n\t\t\t\t<\/div>\n\t\t\t\t<\/div>\n\t\t","protected":false},"excerpt":{"rendered":"<p>BOUTIQUE VIRADOURO LOJA OFICIAL A Boutique Viradouro \u00e9 onde a paix\u00e3o pela Unidos do Viradouro ganha forma. Mais do que uma loja, \u00e9 a extens\u00e3o<\/p>\n","protected":false},"author":1,"featured_media":0,"parent":0,"menu_order":0,"comment_status":"closed","ping_status":"closed","template":"elementor_header_footer","meta":{"footnotes":""},"class_list":["post-21","page","type-page","status-publish","hentry"],"_links":{"self":[{"href":"https:\/\/unidosdoviradouro.com\/index.php\/wp-json\/wp\/v2\/pages\/21","targetHints":{"allow":["GET"]}}],"collection":[{"href":"https:\/\/unidosdoviradouro.com\/index.php\/wp-json\/wp\/v2\/pages"}],"about":[{"href":"https:\/\/unidosdoviradouro.com\/index.php\/wp-json\/wp\/v2\/types\/page"}],"author":[{"embeddable":true,"href":"https:\/\/unidosdoviradouro.com\/index.php\/wp-json\/wp\/v2\/users\/1"}],"replies":[{"embeddable":true,"href":"https:\/\/unidosdoviradouro.com\/index.php\/wp-json\/wp\/v2\/comments?post=21"}],"version-history":[{"count":202,"href":"https:\/\/unidosdoviradouro.com\/index.php\/wp-json\/wp\/v2\/pages\/21\/revisions"}],"predecessor-version":[{"id":847,"href":"https:\/\/unidosdoviradouro.com\/index.php\/wp-json\/wp\/v2\/pages\/21\/revisions\/847"}],"wp:attachment":[{"href":"https:\/\/unidosdoviradouro.com\/index.php\/wp-json\/wp\/v2\/media?parent=21"}],"curies":[{"name":"wp","href":"https:\/\/api.w.org\/{rel}","templated":true}]}}